{"id":1098028,"date":"2025-08-01T15:20:58","date_gmt":"2025-08-01T15:20:58","guid":{"rendered":"https:\/\/www.novion.se\/?page_id=1098028"},"modified":"2025-08-08T13:44:17","modified_gmt":"2025-08-08T13:44:17","slug":"lokal-flexibilitetsmarknad","status":"publish","type":"page","link":"https:\/\/www.novion.se\/en\/flexibilitet\/lokal-flexibilitetsmarknad\/","title":{"rendered":"Lokal flexibilitetsmarknad"},"content":{"rendered":"<div data-elementor-type=\"wp-page\" data-elementor-id=\"1098028\" class=\"elementor elementor-1098028\" data-elementor-post-type=\"page\">\n\t\t\t\t<div class=\"elementor-element elementor-element-6b4486dd e-con-full e-flex e-con e-parent\" data-id=\"6b4486dd\" data-element_type=\"container\" data-e-type=\"container\" data-settings=\"{&quot;background_background&quot;:&quot;classic&quot;}\">\n\t\t<div class=\"elementor-element elementor-element-5df0235b e-con-full e-flex e-con e-child\" data-id=\"5df0235b\" data-element_type=\"container\" data-e-type=\"container\">\n\t\t\t\t<div class=\"elementor-element elementor-element-43e65a4d elementor-widget__width-initial elementor-widget-tablet__width-inherit elementor-widget elementor-widget-heading\" data-id=\"43e65a4d\" data-element_type=\"widget\" data-e-type=\"widget\" data-widget_type=\"heading.default\">\n\t\t\t\t<div class=\"elementor-widget-container\">\n\t\t\t\t\t<h2 class=\"elementor-heading-title elementor-size-default\">Flexibilitet genom Lokal Flexibilitetsmarknad<\/h2>\t\t\t\t<\/div>\n\t\t\t\t<\/div>\n\t\t\t\t<\/div>\n\t\t\t\t<\/div>\n\t\t<div class=\"elementor-element elementor-element-8e8de70 e-flex e-con-boxed e-con e-parent\" data-id=\"8e8de70\" data-element_type=\"container\" data-e-type=\"container\" data-settings=\"{&quot;background_background&quot;:&quot;classic&quot;}\">\n\t\t\t\t\t<div class=\"e-con-inner\">\n\t\t\t\t<div class=\"elementor-element elementor-element-5a6fdde elementor-widget elementor-widget-spacer\" data-id=\"5a6fdde\" data-element_type=\"widget\" data-e-type=\"widget\" data-widget_type=\"spacer.default\">\n\t\t\t\t<div class=\"elementor-widget-container\">\n\t\t\t\t\t\t\t<div class=\"elementor-spacer\">\n\t\t\t<div class=\"elementor-spacer-inner\"><\/div>\n\t\t<\/div>\n\t\t\t\t\t\t<\/div>\n\t\t\t\t<\/div>\n\t\t\t\t\t<\/div>\n\t\t\t\t<\/div>\n\t\t<div class=\"elementor-element elementor-element-e4fc6b9 e-flex e-con-boxed e-con e-parent\" data-id=\"e4fc6b9\" data-element_type=\"container\" data-e-type=\"container\" data-settings=\"{&quot;background_background&quot;:&quot;classic&quot;}\">\n\t\t\t\t\t<div class=\"e-con-inner\">\n\t\t\t\t<div class=\"elementor-element elementor-element-48628a5 elementor-widget elementor-widget-heading\" data-id=\"48628a5\" data-element_type=\"widget\" data-e-type=\"widget\" data-widget_type=\"heading.default\">\n\t\t\t\t<div class=\"elementor-widget-container\">\n\t\t\t\t\t<h2 class=\"elementor-heading-title elementor-size-default\">Vad \u00e4r en Lokal Flexibilitetsmarknad?<\/h2>\t\t\t\t<\/div>\n\t\t\t\t<\/div>\n\t\t\t\t<div class=\"elementor-element elementor-element-b772216 elementor-widget elementor-widget-text-editor\" data-id=\"b772216\" data-element_type=\"widget\" data-e-type=\"widget\" data-widget_type=\"text-editor.default\">\n\t\t\t\t<div class=\"elementor-widget-container\">\n\t\t\t\t\t\t\t\t\t<p>P\u00e5 en lokal flexibilitetsmarknad kan akt\u00f6rer anslutna till eln\u00e4tet hj\u00e4lpa till och st\u00f6tta eln\u00e4tet vid kritiska tidpunkter. St\u00f6ttningen sker genom att man justerar sin konsumtion eller produktion av el f\u00f6r att undvika att flaskhalsar uppst\u00e5r i eln\u00e4tet. F\u00f6r att delta p\u00e5 en lokal flexibilitetsmarknad m\u00e5ste ens flexibla resurs vara geografiskt placerad i den lokala flexibilitetsmarknaden.\u00a0<\/p>\t\t\t\t\t\t\t\t<\/div>\n\t\t\t\t<\/div>\n\t\t\t\t<div class=\"elementor-element elementor-element-25af499 elementor-widget elementor-widget-heading\" data-id=\"25af499\" data-element_type=\"widget\" data-e-type=\"widget\" data-widget_type=\"heading.default\">\n\t\t\t\t<div class=\"elementor-widget-container\">\n\t\t\t\t\t<h2 class=\"elementor-heading-title elementor-size-default\">Var kan man vara med och bidra med lokal flexibilitet?<\/h2>\t\t\t\t<\/div>\n\t\t\t\t<\/div>\n\t\t\t\t<div class=\"elementor-element elementor-element-09a7300 elementor-widget elementor-widget-text-editor\" data-id=\"09a7300\" data-element_type=\"widget\" data-e-type=\"widget\" data-widget_type=\"text-editor.default\">\n\t\t\t\t<div class=\"elementor-widget-container\">\n\t\t\t\t\t\t\t\t\t<p>I dagsl\u00e4get kan man vara med och bidra med lokal flexibilitet p\u00e5 15 olika orter. Lokala flexibilitetsmarknader drivs av E.ON Energidistribution (p\u00e5 11 orter), C4 Energi, G\u00f6teborgs Energi, M\u00f6lndal Energi och Kinnekulle Energi.\u00a0<\/p>\t\t\t\t\t\t\t\t<\/div>\n\t\t\t\t<\/div>\n\t\t\t\t<div class=\"elementor-element elementor-element-24b70b1 elementor-widget elementor-widget-heading\" data-id=\"24b70b1\" data-element_type=\"widget\" data-e-type=\"widget\" data-widget_type=\"heading.default\">\n\t\t\t\t<div class=\"elementor-widget-container\">\n\t\t\t\t\t<h2 class=\"elementor-heading-title elementor-size-default\">Vad kan man tj\u00e4na p\u00e5 att bidra med lokal flexibilitet?<\/h2>\t\t\t\t<\/div>\n\t\t\t\t<\/div>\n\t\t\t\t<div class=\"elementor-element elementor-element-fab19b1 elementor-widget elementor-widget-text-editor\" data-id=\"fab19b1\" data-element_type=\"widget\" data-e-type=\"widget\" data-widget_type=\"text-editor.default\">\n\t\t\t\t<div class=\"elementor-widget-container\">\n\t\t\t\t\t\t\t\t\t<p>N\u00e4r man bidrar med lokal flexibilitet blir man i regel ersatt b\u00e5de f\u00f6r att ha sin resurs tillg\u00e4nglig, men ocks\u00e5 f\u00f6r aktivering av sin resurs. Tillg\u00e4nglighet inneb\u00e4r att resursen st\u00e4lls redo att reglera antingen sin konsumtion eller produktion. N\u00e4r resursen v\u00e4l beh\u00f6vs utbetalas \u00e4ven ers\u00e4ttning f\u00f6r att resursen faktiskt aktiveras och regleras. Beroende p\u00e5 marknad och var man \u00e4r lokaliserad kan aktiveringsers\u00e4ttning ligga mellan 1 000 &#8211; 15 000 kr\/MWh. Ers\u00e4ttningen f\u00f6r att st\u00e5 tillg\u00e4nglig beror \u00e4ven p\u00e5 hur m\u00e5nga timmar per s\u00e4song man \u00e4r tillg\u00e4nglig och ligger i intervallet 1 000 &#8211; 3 000 kr\/MW.<\/p>\t\t\t\t\t\t\t\t<\/div>\n\t\t\t\t<\/div>\n\t\t\t\t<div class=\"elementor-element elementor-element-28f3317 elementor-widget elementor-widget-heading\" data-id=\"28f3317\" data-element_type=\"widget\" data-e-type=\"widget\" data-widget_type=\"heading.default\">\n\t\t\t\t<div class=\"elementor-widget-container\">\n\t\t\t\t\t<h2 class=\"elementor-heading-title elementor-size-default\">Vad kr\u00e4vs f\u00f6r att delta p\u00e5 en lokal flexibilitetsmarknad?<\/h2>\t\t\t\t<\/div>\n\t\t\t\t<\/div>\n\t\t\t\t<div class=\"elementor-element elementor-element-8c15a33 elementor-widget elementor-widget-text-editor\" data-id=\"8c15a33\" data-element_type=\"widget\" data-e-type=\"widget\" data-widget_type=\"text-editor.default\">\n\t\t\t\t<div class=\"elementor-widget-container\">\n\t\t\t\t\t\t\t\t\t<p>F\u00f6r att kunna delta p\u00e5 en lokal flexibilitetsmarknad kr\u00e4vs att man \u00e4r ansluten till eln\u00e4tet i ett omr\u00e5de d\u00e4r en aktiv lokal flexibilitetsmarknad drivs. P\u00e5 vissa flexibilitetsmarknader finns det minimikrav p\u00e5 hur mycket effekt man m\u00e5ste kunna vara flexibel med. N\u00e4r man s\u00e4kerst\u00e4llt att man \u00e4r ansluten till eln\u00e4tet p\u00e5 r\u00e4tt st\u00e4lle och har en tillr\u00e4ckligt stor flexibel resurs beh\u00f6ver man ofta genomg\u00e5 en f\u00f6rkvalificeringsprocess och ansluta sig mot en marknadsplattform. N\u00e4r det \u00e4r gjort kan man b\u00f6rja leverera lokal flexibilitet.\u00a0<\/p>\t\t\t\t\t\t\t\t<\/div>\n\t\t\t\t<\/div>\n\t\t\t\t<div class=\"elementor-element elementor-element-562ca09 elementor-widget elementor-widget-heading\" data-id=\"562ca09\" data-element_type=\"widget\" data-e-type=\"widget\" data-widget_type=\"heading.default\">\n\t\t\t\t<div class=\"elementor-widget-container\">\n\t\t\t\t\t<h2 class=\"elementor-heading-title elementor-size-default\">Beh\u00f6ver ni hj\u00e4lp med lokal flexibilitet eller har ni n\u00e5gra fr\u00e5gor?<\/h2>\t\t\t\t<\/div>\n\t\t\t\t<\/div>\n\t\t\t\t<div class=\"elementor-element elementor-element-9581086 elementor-widget elementor-widget-text-editor\" data-id=\"9581086\" data-element_type=\"widget\" data-e-type=\"widget\" data-widget_type=\"text-editor.default\">\n\t\t\t\t<div class=\"elementor-widget-container\">\n\t\t\t\t\t\t\t\t\t<p>Kontakta oss p\u00e5 info@novion.se eller Simon.Hessman@novion.se s\u00e5 hj\u00e4lper vi p\u00e5 Novion er g\u00e4rna! Vi har m\u00e5ng\u00e5rig erfarenhet av lokala flexibilitetsmarknader och av flexibilitet i eln\u00e4tet. Klicka p\u00e5 n\u00e5gon av knapparna nedanf\u00f6r f\u00f6r att l\u00e4sa mer om st\u00f6dtj\u00e4nster eller villkorade avtal.\u00a0<\/p>\t\t\t\t\t\t\t\t<\/div>\n\t\t\t\t<\/div>\n\t\t<div class=\"elementor-element elementor-element-a81b8ec e-con-full e-flex e-con e-child\" data-id=\"a81b8ec\" data-element_type=\"container\" data-e-type=\"container\">\n\t\t\t\t<\/div>\n\t\t\t\t\t<\/div>\n\t\t\t\t<\/div>\n\t\t<div class=\"elementor-element elementor-element-9e45a16 e-grid e-con-boxed e-con e-parent\" data-id=\"9e45a16\" data-element_type=\"container\" data-e-type=\"container\" data-settings=\"{&quot;background_background&quot;:&quot;classic&quot;}\">\n\t\t\t\t\t<div class=\"e-con-inner\">\n\t\t\t\t<div class=\"elementor-element elementor-element-7dbfec8 elementor-widget__width-initial elementor-widget elementor-widget-premium-addon-image-button\" data-id=\"7dbfec8\" data-element_type=\"widget\" data-e-type=\"widget\" data-widget_type=\"premium-addon-image-button.default\">\n\t\t\t\t<div class=\"elementor-widget-container\">\n\t\t\t\t\t\r\n\t\t<a class=\"premium-image-button-style1 premium-image-button premium-btn-lg premium-image-button-style1-bottom\" href=\"https:\/\/www.novion.se\/en\/flexibilitet\/flexibilitet-stodtjanster\/\">\r\n\t\t\t<div class=\"premium-image-button-text-icon-wrapper\">\r\n\r\n\t\t\t\t\r\n\t\t\t\t\t\t\t\t\t<span >\r\n\t\t\t\t\t\tSt\u00f6dtj\u00e4nster\t\t\t\t\t<\/span>\r\n\t\t\t\t\r\n\t\t\t<\/div>\r\n\r\n\t\t\t\r\n\t\t\t\r\n\t\t\t\r\n\t\t<\/a>\r\n\r\n\t\t\t\t\t\t<\/div>\n\t\t\t\t<\/div>\n\t\t\t\t<div class=\"elementor-element elementor-element-4cb43a3 elementor-widget__width-initial elementor-widget elementor-widget-premium-addon-image-button\" data-id=\"4cb43a3\" data-element_type=\"widget\" data-e-type=\"widget\" data-widget_type=\"premium-addon-image-button.default\">\n\t\t\t\t<div class=\"elementor-widget-container\">\n\t\t\t\t\t\r\n\t\t<a class=\"premium-image-button-style1 premium-image-button premium-btn-lg premium-image-button-style1-bottom\" href=\"https:\/\/www.novion.se\/en\/flexibilitet\/lokal-flexibilitetsmarknad\/\">\r\n\t\t\t<div class=\"premium-image-button-text-icon-wrapper\">\r\n\r\n\t\t\t\t\r\n\t\t\t\t\t\t\t\t\t<span >\r\n\t\t\t\t\t\tFlexibilitetsmarknader\t\t\t\t\t<\/span>\r\n\t\t\t\t\r\n\t\t\t<\/div>\r\n\r\n\t\t\t\r\n\t\t\t\r\n\t\t\t\r\n\t\t<\/a>\r\n\r\n\t\t\t\t\t\t<\/div>\n\t\t\t\t<\/div>\n\t\t\t\t<div class=\"elementor-element elementor-element-38c2265 elementor-widget__width-initial elementor-widget elementor-widget-premium-addon-image-button\" data-id=\"38c2265\" data-element_type=\"widget\" data-e-type=\"widget\" data-widget_type=\"premium-addon-image-button.default\">\n\t\t\t\t<div class=\"elementor-widget-container\">\n\t\t\t\t\t\r\n\t\t<a class=\"premium-image-button-style1 premium-image-button premium-btn-lg premium-image-button-style1-bottom\" href=\"https:\/\/www.novion.se\/en\/flexibilitet\/villkorat-anslutningsavtal\/\">\r\n\t\t\t<div class=\"premium-image-button-text-icon-wrapper\">\r\n\r\n\t\t\t\t\r\n\t\t\t\t\t\t\t\t\t<span >\r\n\t\t\t\t\t\tVillkorade Avtal\t\t\t\t\t<\/span>\r\n\t\t\t\t\r\n\t\t\t<\/div>\r\n\r\n\t\t\t\r\n\t\t\t\r\n\t\t\t\r\n\t\t<\/a>\r\n\r\n\t\t\t\t\t\t<\/div>\n\t\t\t\t<\/div>\n\t\t\t\t\t<\/div>\n\t\t\t\t<\/div>\n\t\t<div class=\"elementor-element elementor-element-4f9229e e-flex e-con-boxed e-con e-parent\" data-id=\"4f9229e\" data-element_type=\"container\" data-e-type=\"container\" data-settings=\"{&quot;background_background&quot;:&quot;classic&quot;}\">\n\t\t\t\t\t<div class=\"e-con-inner\">\n\t\t\t\t<div class=\"elementor-element elementor-element-5556551 elementor-widget__width-initial elementor-widget elementor-widget-premium-addon-image-button\" data-id=\"5556551\" data-element_type=\"widget\" data-e-type=\"widget\" data-widget_type=\"premium-addon-image-button.default\">\n\t\t\t\t<div class=\"elementor-widget-container\">\n\t\t\t\t\t\r\n\t\t<a class=\"premium-image-button-style1 premium-image-button premium-btn-lg premium-image-button-style1-bottom\" href=\"https:\/\/www.novion.se\/en\/technologies\/kontakta-oss\/\">\r\n\t\t\t<div class=\"premium-image-button-text-icon-wrapper\">\r\n\r\n\t\t\t\t\r\n\t\t\t\t\t\t\t\t\t<span >\r\n\t\t\t\t\t\tContact us\t\t\t\t\t<\/span>\r\n\t\t\t\t\r\n\t\t\t<\/div>\r\n\r\n\t\t\t\r\n\t\t\t\r\n\t\t\t\r\n\t\t<\/a>\r\n\r\n\t\t\t\t\t\t<\/div>\n\t\t\t\t<\/div>\n\t\t\t\t\t<\/div>\n\t\t\t\t<\/div>\n\t\t\t\t<\/div>","protected":false},"excerpt":{"rendered":"<p>Flexibilitet genom Lokal Flexibilitetsmarknad Vad \u00e4r en Lokal Flexibilitetsmarknad? P\u00e5 en lokal flexibilitetsmarknad kan akt\u00f6rer anslutna till eln\u00e4tet hj\u00e4lpa till och st\u00f6tta eln\u00e4tet vid kritiska tidpunkter. St\u00f6ttningen sker genom att man justerar sin konsumtion eller produktion av el f\u00f6r att undvika att flaskhalsar uppst\u00e5r i eln\u00e4tet. F\u00f6r att delta p\u00e5 en lokal flexibilitetsmarknad m\u00e5ste ens [&hellip;]<\/p>\n","protected":false},"author":2,"featured_media":0,"parent":830277,"menu_order":0,"comment_status":"closed","ping_status":"closed","template":"elementor_header_footer","meta":{"footnotes":""},"class_list":["post-1098028","page","type-page","status-publish","hentry"],"yoast_head":"<!-- This site is optimized with the Yoast SEO plugin v27.1.1 - https:\/\/yoast.com\/product\/yoast-seo-wordpress\/ -->\n<title>Lokal flexibilitetsmarknad - Novion<\/title>\n<meta name=\"robots\" content=\"index, follow, max-snippet:-1, max-image-preview:large, max-video-preview:-1\" \/>\n<link rel=\"canonical\" href=\"https:\/\/www.novion.se\/en\/flexibilitet\/lokal-flexibilitetsmarknad\/\" \/>\n<meta property=\"og:locale\" content=\"en_GB\" \/>\n<meta property=\"og:type\" content=\"article\" \/>\n<meta property=\"og:title\" content=\"Lokal flexibilitetsmarknad - Novion\" \/>\n<meta property=\"og:description\" content=\"Flexibilitet genom Lokal Flexibilitetsmarknad Vad \u00e4r en Lokal Flexibilitetsmarknad? P\u00e5 en lokal flexibilitetsmarknad kan akt\u00f6rer anslutna till eln\u00e4tet hj\u00e4lpa till och st\u00f6tta eln\u00e4tet vid kritiska tidpunkter. St\u00f6ttningen sker genom att man justerar sin konsumtion eller produktion av el f\u00f6r att undvika att flaskhalsar uppst\u00e5r i eln\u00e4tet. F\u00f6r att delta p\u00e5 en lokal flexibilitetsmarknad m\u00e5ste ens [&hellip;]\" \/>\n<meta property=\"og:url\" content=\"https:\/\/www.novion.se\/en\/flexibilitet\/lokal-flexibilitetsmarknad\/\" \/>\n<meta property=\"og:site_name\" content=\"Novion\" \/>\n<meta property=\"article:modified_time\" content=\"2025-08-08T13:44:17+00:00\" \/>\n<meta name=\"twitter:card\" content=\"summary_large_image\" \/>\n<meta name=\"twitter:label1\" content=\"Estimated reading time\" \/>\n\t<meta name=\"twitter:data1\" content=\"2 minutes\" \/>\n<script type=\"application\/ld+json\" class=\"yoast-schema-graph\">{\"@context\":\"https:\/\/schema.org\",\"@graph\":[{\"@type\":\"WebPage\",\"@id\":\"https:\/\/www.novion.se\/en\/flexibilitet\/lokal-flexibilitetsmarknad\/\",\"url\":\"https:\/\/www.novion.se\/en\/flexibilitet\/lokal-flexibilitetsmarknad\/\",\"name\":\"Lokal flexibilitetsmarknad - Novion\",\"isPartOf\":{\"@id\":\"https:\/\/www.novion.se\/#website\"},\"datePublished\":\"2025-08-01T15:20:58+00:00\",\"dateModified\":\"2025-08-08T13:44:17+00:00\",\"breadcrumb\":{\"@id\":\"https:\/\/www.novion.se\/en\/flexibilitet\/lokal-flexibilitetsmarknad\/#breadcrumb\"},\"inLanguage\":\"en-GB\",\"potentialAction\":[{\"@type\":\"ReadAction\",\"target\":[\"https:\/\/www.novion.se\/en\/flexibilitet\/lokal-flexibilitetsmarknad\/\"]}]},{\"@type\":\"BreadcrumbList\",\"@id\":\"https:\/\/www.novion.se\/en\/flexibilitet\/lokal-flexibilitetsmarknad\/#breadcrumb\",\"itemListElement\":[{\"@type\":\"ListItem\",\"position\":1,\"name\":\"Home\",\"item\":\"https:\/\/www.novion.se\/\"},{\"@type\":\"ListItem\",\"position\":2,\"name\":\"Flexibilitet\",\"item\":\"https:\/\/www.novion.se\/en\/flexibilitet\/\"},{\"@type\":\"ListItem\",\"position\":3,\"name\":\"Lokal flexibilitetsmarknad\"}]},{\"@type\":\"WebSite\",\"@id\":\"https:\/\/www.novion.se\/#website\",\"url\":\"https:\/\/www.novion.se\/\",\"name\":\"Novion\",\"description\":\"Sustainability through innovation\",\"publisher\":{\"@id\":\"https:\/\/www.novion.se\/#organization\"},\"potentialAction\":[{\"@type\":\"SearchAction\",\"target\":{\"@type\":\"EntryPoint\",\"urlTemplate\":\"https:\/\/www.novion.se\/?s={search_term_string}\"},\"query-input\":{\"@type\":\"PropertyValueSpecification\",\"valueRequired\":true,\"valueName\":\"search_term_string\"}}],\"inLanguage\":\"en-GB\"},{\"@type\":\"Organization\",\"@id\":\"https:\/\/www.novion.se\/#organization\",\"name\":\"Novion\",\"url\":\"https:\/\/www.novion.se\/\",\"logo\":{\"@type\":\"ImageObject\",\"inLanguage\":\"en-GB\",\"@id\":\"https:\/\/www.novion.se\/#\/schema\/logo\/image\/\",\"url\":\"https:\/\/www.novion.se\/wp-content\/uploads\/2023\/06\/novion_transparent.png\",\"contentUrl\":\"https:\/\/www.novion.se\/wp-content\/uploads\/2023\/06\/novion_transparent.png\",\"width\":700,\"height\":300,\"caption\":\"Novion\"},\"image\":{\"@id\":\"https:\/\/www.novion.se\/#\/schema\/logo\/image\/\"}}]}<\/script>\n<!-- \/ Yoast SEO plugin. -->","yoast_head_json":{"title":"Lokal flexibilitetsmarknad - Novion","robots":{"index":"index","follow":"follow","max-snippet":"max-snippet:-1","max-image-preview":"max-image-preview:large","max-video-preview":"max-video-preview:-1"},"canonical":"https:\/\/www.novion.se\/en\/flexibilitet\/lokal-flexibilitetsmarknad\/","og_locale":"en_GB","og_type":"article","og_title":"Lokal flexibilitetsmarknad - Novion","og_description":"Flexibilitet genom Lokal Flexibilitetsmarknad Vad \u00e4r en Lokal Flexibilitetsmarknad? P\u00e5 en lokal flexibilitetsmarknad kan akt\u00f6rer anslutna till eln\u00e4tet hj\u00e4lpa till och st\u00f6tta eln\u00e4tet vid kritiska tidpunkter. St\u00f6ttningen sker genom att man justerar sin konsumtion eller produktion av el f\u00f6r att undvika att flaskhalsar uppst\u00e5r i eln\u00e4tet. F\u00f6r att delta p\u00e5 en lokal flexibilitetsmarknad m\u00e5ste ens [&hellip;]","og_url":"https:\/\/www.novion.se\/en\/flexibilitet\/lokal-flexibilitetsmarknad\/","og_site_name":"Novion","article_modified_time":"2025-08-08T13:44:17+00:00","twitter_card":"summary_large_image","twitter_misc":{"Estimated reading time":"2 minutes"},"schema":{"@context":"https:\/\/schema.org","@graph":[{"@type":"WebPage","@id":"https:\/\/www.novion.se\/en\/flexibilitet\/lokal-flexibilitetsmarknad\/","url":"https:\/\/www.novion.se\/en\/flexibilitet\/lokal-flexibilitetsmarknad\/","name":"Lokal flexibilitetsmarknad - Novion","isPartOf":{"@id":"https:\/\/www.novion.se\/#website"},"datePublished":"2025-08-01T15:20:58+00:00","dateModified":"2025-08-08T13:44:17+00:00","breadcrumb":{"@id":"https:\/\/www.novion.se\/en\/flexibilitet\/lokal-flexibilitetsmarknad\/#breadcrumb"},"inLanguage":"en-GB","potentialAction":[{"@type":"ReadAction","target":["https:\/\/www.novion.se\/en\/flexibilitet\/lokal-flexibilitetsmarknad\/"]}]},{"@type":"BreadcrumbList","@id":"https:\/\/www.novion.se\/en\/flexibilitet\/lokal-flexibilitetsmarknad\/#breadcrumb","itemListElement":[{"@type":"ListItem","position":1,"name":"Home","item":"https:\/\/www.novion.se\/"},{"@type":"ListItem","position":2,"name":"Flexibilitet","item":"https:\/\/www.novion.se\/en\/flexibilitet\/"},{"@type":"ListItem","position":3,"name":"Lokal flexibilitetsmarknad"}]},{"@type":"WebSite","@id":"https:\/\/www.novion.se\/#website","url":"https:\/\/www.novion.se\/","name":"Novion","description":"Sustainability through innovation","publisher":{"@id":"https:\/\/www.novion.se\/#organization"},"potentialAction":[{"@type":"SearchAction","target":{"@type":"EntryPoint","urlTemplate":"https:\/\/www.novion.se\/?s={search_term_string}"},"query-input":{"@type":"PropertyValueSpecification","valueRequired":true,"valueName":"search_term_string"}}],"inLanguage":"en-GB"},{"@type":"Organization","@id":"https:\/\/www.novion.se\/#organization","name":"Novion","url":"https:\/\/www.novion.se\/","logo":{"@type":"ImageObject","inLanguage":"en-GB","@id":"https:\/\/www.novion.se\/#\/schema\/logo\/image\/","url":"https:\/\/www.novion.se\/wp-content\/uploads\/2023\/06\/novion_transparent.png","contentUrl":"https:\/\/www.novion.se\/wp-content\/uploads\/2023\/06\/novion_transparent.png","width":700,"height":300,"caption":"Novion"},"image":{"@id":"https:\/\/www.novion.se\/#\/schema\/logo\/image\/"}}]}},"_links":{"self":[{"href":"https:\/\/www.novion.se\/en\/wp-json\/wp\/v2\/pages\/1098028","targetHints":{"allow":["GET"]}}],"collection":[{"href":"https:\/\/www.novion.se\/en\/wp-json\/wp\/v2\/pages"}],"about":[{"href":"https:\/\/www.novion.se\/en\/wp-json\/wp\/v2\/types\/page"}],"author":[{"embeddable":true,"href":"https:\/\/www.novion.se\/en\/wp-json\/wp\/v2\/users\/2"}],"replies":[{"embeddable":true,"href":"https:\/\/www.novion.se\/en\/wp-json\/wp\/v2\/comments?post=1098028"}],"version-history":[{"count":0,"href":"https:\/\/www.novion.se\/en\/wp-json\/wp\/v2\/pages\/1098028\/revisions"}],"up":[{"embeddable":true,"href":"https:\/\/www.novion.se\/en\/wp-json\/wp\/v2\/pages\/830277"}],"wp:attachment":[{"href":"https:\/\/www.novion.se\/en\/wp-json\/wp\/v2\/media?parent=1098028"}],"curies":[{"name":"wp","href":"https:\/\/api.w.org\/{rel}","templated":true}]}}